{"id":13187,"date":"2024-08-15T14:42:20","date_gmt":"2024-08-15T12:42:20","guid":{"rendered":"https:\/\/blog.europapark.de\/wp-content\/uploads\/2024\/08\/ORANGE_3660.MXF_.20_10_59_23.Standbild001.jpg"},"modified":"2024-08-15T14:43:33","modified_gmt":"2024-08-15T12:43:33","slug":"orange_3660-mxf-20_10_59_23-standbild001","status":"inherit","type":"attachment","link":"https:\/\/blog.europapark.de\/fr\/europa-park-fr\/de-la-rehabilitation-du-chateau-hante-a-sa-transformation-en-castello-dei-medici\/attachment\/orange_3660-mxf-20_10_59_23-standbild001\/","title":{"rendered":"Pierre Nelli a diff\u00e9rentes sources d&#8217;inspiration pour d\u00e9velopper ses id\u00e9es !"},"author":22,"featured_media":0,"comment_status":"closed","ping_status":"closed","template":"","meta":{"_acf_changed":false},"class_list":["post-13187","attachment","type-attachment","status-inherit","hentry"],"acf":[],"yoast_head":"<!-- This site is optimized with the Yoast SEO plugin v26.9 - https:\/\/yoast.com\/product\/yoast-seo-wordpress\/ -->\n<title>Pierre Nelli a diff\u00e9rentes sources d&#039;inspiration pour d\u00e9velopper ses id\u00e9es ! - Le blog officiel d\u2019Europa-Park<\/title>\n<meta name=\"robots\" content=\"index, follow, max-snippet:-1, max-image-preview:large, max-video-preview:-1\" \/>\n<link rel=\"canonical\" href=\"https:\/\/blog.europapark.de\/fr\/europa-park-fr\/de-la-rehabilitation-du-chateau-hante-a-sa-transformation-en-castello-dei-medici\/attachment\/orange_3660-mxf-20_10_59_23-standbild001\/\" \/>\n<meta property=\"og:locale\" content=\"fr_FR\" \/>\n<meta property=\"og:type\" content=\"article\" \/>\n<meta property=\"og:title\" content=\"Pierre Nelli a diff\u00e9rentes sources d&#039;inspiration pour d\u00e9velopper ses id\u00e9es ! - Le blog officiel d\u2019Europa-Park\" \/>\n<meta property=\"og:description\" content=\"Pierre Nelli a diff\u00e9rentes sources d&#039;inspiration pour d\u00e9velopper ses id\u00e9es !\" \/>\n<meta property=\"og:url\" content=\"https:\/\/blog.europapark.de\/fr\/europa-park-fr\/de-la-rehabilitation-du-chateau-hante-a-sa-transformation-en-castello-dei-medici\/attachment\/orange_3660-mxf-20_10_59_23-standbild001\/\" \/>\n<meta property=\"og:site_name\" content=\"Le blog officiel d\u2019Europa-Park\" \/>\n<meta property=\"article:modified_time\" content=\"2024-08-15T12:43:33+00:00\" \/>\n<meta property=\"og:image\" content=\"https:\/\/blog.europapark.de\/wp-content\/uploads\/2024\/08\/ORANGE_3660.MXF_.20_10_59_23.Standbild001-scaled.jpg\" \/>\n\t<meta property=\"og:image:width\" content=\"2560\" \/>\n\t<meta property=\"og:image:height\" content=\"1440\" \/>\n\t<meta property=\"og:image:type\" content=\"image\/jpeg\" \/>\n<meta name=\"twitter:card\" content=\"summary_large_image\" \/>\n<script type=\"application\/ld+json\" class=\"yoast-schema-graph\">{\"@context\":\"https:\/\/schema.org\",\"@graph\":[{\"@type\":\"WebPage\",\"@id\":\"https:\/\/blog.europapark.de\/fr\/europa-park-fr\/de-la-rehabilitation-du-chateau-hante-a-sa-transformation-en-castello-dei-medici\/attachment\/orange_3660-mxf-20_10_59_23-standbild001\/\",\"url\":\"https:\/\/blog.europapark.de\/fr\/europa-park-fr\/de-la-rehabilitation-du-chateau-hante-a-sa-transformation-en-castello-dei-medici\/attachment\/orange_3660-mxf-20_10_59_23-standbild001\/\",\"name\":\"Pierre Nelli a diff\u00e9rentes sources d'inspiration pour d\u00e9velopper ses id\u00e9es ! - Le blog officiel d\u2019Europa-Park\",\"isPartOf\":{\"@id\":\"https:\/\/blog.europapark.de\/fr\/#website\"},\"datePublished\":\"2024-08-15T12:42:20+00:00\",\"dateModified\":\"2024-08-15T12:43:33+00:00\",\"breadcrumb\":{\"@id\":\"https:\/\/blog.europapark.de\/fr\/europa-park-fr\/de-la-rehabilitation-du-chateau-hante-a-sa-transformation-en-castello-dei-medici\/attachment\/orange_3660-mxf-20_10_59_23-standbild001\/#breadcrumb\"},\"inLanguage\":\"fr-FR\",\"potentialAction\":[{\"@type\":\"ReadAction\",\"target\":[\"https:\/\/blog.europapark.de\/fr\/europa-park-fr\/de-la-rehabilitation-du-chateau-hante-a-sa-transformation-en-castello-dei-medici\/attachment\/orange_3660-mxf-20_10_59_23-standbild001\/\"]}]},{\"@type\":\"BreadcrumbList\",\"@id\":\"https:\/\/blog.europapark.de\/fr\/europa-park-fr\/de-la-rehabilitation-du-chateau-hante-a-sa-transformation-en-castello-dei-medici\/attachment\/orange_3660-mxf-20_10_59_23-standbild001\/#breadcrumb\",\"itemListElement\":[{\"@type\":\"ListItem\",\"position\":1,\"name\":\"Accueil\",\"item\":\"https:\/\/blog.europapark.de\/fr\/\"},{\"@type\":\"ListItem\",\"position\":2,\"name\":\"De la r\u00e9habilitation du Ch\u00e2teau Hant\u00e9 \u00e0 sa transformation en Castello dei Medici\",\"item\":\"https:\/\/blog.europapark.de\/fr\/europa-park-fr\/de-la-rehabilitation-du-chateau-hante-a-sa-transformation-en-castello-dei-medici\/\"},{\"@type\":\"ListItem\",\"position\":3,\"name\":\"Pierre Nelli a diff\u00e9rentes sources d&#8217;inspiration pour d\u00e9velopper ses id\u00e9es !\"}]},{\"@type\":\"WebSite\",\"@id\":\"https:\/\/blog.europapark.de\/fr\/#website\",\"url\":\"https:\/\/blog.europapark.de\/fr\/\",\"name\":\"Le blog officiel d\u2019Europa-Park\",\"description\":\"\",\"potentialAction\":[{\"@type\":\"SearchAction\",\"target\":{\"@type\":\"EntryPoint\",\"urlTemplate\":\"https:\/\/blog.europapark.de\/fr\/?s={search_term_string}\"},\"query-input\":{\"@type\":\"PropertyValueSpecification\",\"valueRequired\":true,\"valueName\":\"search_term_string\"}}],\"inLanguage\":\"fr-FR\"}]}<\/script>\n<!-- \/ Yoast SEO plugin. -->","yoast_head_json":{"title":"Pierre Nelli a diff\u00e9rentes sources d'inspiration pour d\u00e9velopper ses id\u00e9es ! - Le blog officiel d\u2019Europa-Park","robots":{"index":"index","follow":"follow","max-snippet":"max-snippet:-1","max-image-preview":"max-image-preview:large","max-video-preview":"max-video-preview:-1"},"canonical":"https:\/\/blog.europapark.de\/fr\/europa-park-fr\/de-la-rehabilitation-du-chateau-hante-a-sa-transformation-en-castello-dei-medici\/attachment\/orange_3660-mxf-20_10_59_23-standbild001\/","og_locale":"fr_FR","og_type":"article","og_title":"Pierre Nelli a diff\u00e9rentes sources d'inspiration pour d\u00e9velopper ses id\u00e9es ! - Le blog officiel d\u2019Europa-Park","og_description":"Pierre Nelli a diff\u00e9rentes sources d'inspiration pour d\u00e9velopper ses id\u00e9es !","og_url":"https:\/\/blog.europapark.de\/fr\/europa-park-fr\/de-la-rehabilitation-du-chateau-hante-a-sa-transformation-en-castello-dei-medici\/attachment\/orange_3660-mxf-20_10_59_23-standbild001\/","og_site_name":"Le blog officiel d\u2019Europa-Park","article_modified_time":"2024-08-15T12:43:33+00:00","og_image":[{"width":2560,"height":1440,"url":"https:\/\/blog.europapark.de\/wp-content\/uploads\/2024\/08\/ORANGE_3660.MXF_.20_10_59_23.Standbild001-scaled.jpg","type":"image\/jpeg"}],"twitter_card":"summary_large_image","schema":{"@context":"https:\/\/schema.org","@graph":[{"@type":"WebPage","@id":"https:\/\/blog.europapark.de\/fr\/europa-park-fr\/de-la-rehabilitation-du-chateau-hante-a-sa-transformation-en-castello-dei-medici\/attachment\/orange_3660-mxf-20_10_59_23-standbild001\/","url":"https:\/\/blog.europapark.de\/fr\/europa-park-fr\/de-la-rehabilitation-du-chateau-hante-a-sa-transformation-en-castello-dei-medici\/attachment\/orange_3660-mxf-20_10_59_23-standbild001\/","name":"Pierre Nelli a diff\u00e9rentes sources d'inspiration pour d\u00e9velopper ses id\u00e9es ! - Le blog officiel d\u2019Europa-Park","isPartOf":{"@id":"https:\/\/blog.europapark.de\/fr\/#website"},"datePublished":"2024-08-15T12:42:20+00:00","dateModified":"2024-08-15T12:43:33+00:00","breadcrumb":{"@id":"https:\/\/blog.europapark.de\/fr\/europa-park-fr\/de-la-rehabilitation-du-chateau-hante-a-sa-transformation-en-castello-dei-medici\/attachment\/orange_3660-mxf-20_10_59_23-standbild001\/#breadcrumb"},"inLanguage":"fr-FR","potentialAction":[{"@type":"ReadAction","target":["https:\/\/blog.europapark.de\/fr\/europa-park-fr\/de-la-rehabilitation-du-chateau-hante-a-sa-transformation-en-castello-dei-medici\/attachment\/orange_3660-mxf-20_10_59_23-standbild001\/"]}]},{"@type":"BreadcrumbList","@id":"https:\/\/blog.europapark.de\/fr\/europa-park-fr\/de-la-rehabilitation-du-chateau-hante-a-sa-transformation-en-castello-dei-medici\/attachment\/orange_3660-mxf-20_10_59_23-standbild001\/#breadcrumb","itemListElement":[{"@type":"ListItem","position":1,"name":"Accueil","item":"https:\/\/blog.europapark.de\/fr\/"},{"@type":"ListItem","position":2,"name":"De la r\u00e9habilitation du Ch\u00e2teau Hant\u00e9 \u00e0 sa transformation en Castello dei Medici","item":"https:\/\/blog.europapark.de\/fr\/europa-park-fr\/de-la-rehabilitation-du-chateau-hante-a-sa-transformation-en-castello-dei-medici\/"},{"@type":"ListItem","position":3,"name":"Pierre Nelli a diff\u00e9rentes sources d&#8217;inspiration pour d\u00e9velopper ses id\u00e9es !"}]},{"@type":"WebSite","@id":"https:\/\/blog.europapark.de\/fr\/#website","url":"https:\/\/blog.europapark.de\/fr\/","name":"Le blog officiel d\u2019Europa-Park","description":"","potentialAction":[{"@type":"SearchAction","target":{"@type":"EntryPoint","urlTemplate":"https:\/\/blog.europapark.de\/fr\/?s={search_term_string}"},"query-input":{"@type":"PropertyValueSpecification","valueRequired":true,"valueName":"search_term_string"}}],"inLanguage":"fr-FR"}]}},"description":{"rendered":"<p class=\"attachment\"><a href='https:\/\/blog.europapark.de\/wp-content\/uploads\/2024\/08\/ORANGE_3660.MXF_.20_10_59_23.Standbild001-scaled.jpg'><img loading=\"lazy\" decoding=\"async\" width=\"400\" height=\"225\" src=\"https:\/\/blog.europapark.de\/wp-content\/uploads\/2024\/08\/ORANGE_3660.MXF_.20_10_59_23.Standbild001-400x225.jpg\" class=\"attachment-medium size-medium\" alt=\"Pierre Nelli a diff\u00e9rentes sources d&#039;inspiration pour d\u00e9velopper ses id\u00e9es !\" srcset=\"https:\/\/blog.europapark.de\/wp-content\/uploads\/2024\/08\/ORANGE_3660.MXF_.20_10_59_23.Standbild001-400x225.jpg 400w, https:\/\/blog.europapark.de\/wp-content\/uploads\/2024\/08\/ORANGE_3660.MXF_.20_10_59_23.Standbild001-1024x576.jpg 1024w, https:\/\/blog.europapark.de\/wp-content\/uploads\/2024\/08\/ORANGE_3660.MXF_.20_10_59_23.Standbild001-768x432.jpg 768w, https:\/\/blog.europapark.de\/wp-content\/uploads\/2024\/08\/ORANGE_3660.MXF_.20_10_59_23.Standbild001-1536x864.jpg 1536w, https:\/\/blog.europapark.de\/wp-content\/uploads\/2024\/08\/ORANGE_3660.MXF_.20_10_59_23.Standbild001-2048x1152.jpg 2048w, https:\/\/blog.europapark.de\/wp-content\/uploads\/2024\/08\/ORANGE_3660.MXF_.20_10_59_23.Standbild001-1700x956.jpg 1700w\" sizes=\"auto, (max-width: 400px) 100vw, 400px\" \/><\/a><\/p>\n<p>Pierre Nelli a diff\u00e9rentes sources d&#8217;inspiration pour d\u00e9velopper ses id\u00e9es !<\/p>\n"},"caption":{"rendered":"<p>Pierre Nelli a diff\u00e9rentes sources d&#8217;inspiration pour d\u00e9velopper ses id\u00e9es !<\/p>\n"},"alt_text":"Pierre Nelli a diff\u00e9rentes sources d'inspiration pour d\u00e9velopper ses id\u00e9es !","media_type":"image","mime_type":"image\/jpeg","media_details":{"width":2560,"height":1440,"file":"2024\/08\/ORANGE_3660.MXF_.20_10_59_23.Standbild001-scaled.jpg","filesize":199544,"sizes":{"medium":{"file":"ORANGE_3660.MXF_.20_10_59_23.Standbild001-400x225.jpg","width":400,"height":225,"filesize":10202,"mime_type":"image\/jpeg","source_url":"https:\/\/blog.europapark.de\/wp-content\/uploads\/2024\/08\/ORANGE_3660.MXF_.20_10_59_23.Standbild001-400x225.jpg"},"large":{"file":"ORANGE_3660.MXF_.20_10_59_23.Standbild001-1024x576.jpg","width":1024,"height":576,"filesize":40960,"mime_type":"image\/jpeg","source_url":"https:\/\/blog.europapark.de\/wp-content\/uploads\/2024\/08\/ORANGE_3660.MXF_.20_10_59_23.Standbild001-1024x576.jpg"},"thumbnail":{"file":"ORANGE_3660.MXF_.20_10_59_23.Standbild001-150x150.jpg","width":150,"height":150,"filesize":3602,"mime_type":"image\/jpeg","source_url":"https:\/\/blog.europapark.de\/wp-content\/uploads\/2024\/08\/ORANGE_3660.MXF_.20_10_59_23.Standbild001-150x150.jpg"},"medium_large":{"file":"ORANGE_3660.MXF_.20_10_59_23.Standbild001-768x432.jpg","width":768,"height":432,"filesize":26034,"mime_type":"image\/jpeg","source_url":"https:\/\/blog.europapark.de\/wp-content\/uploads\/2024\/08\/ORANGE_3660.MXF_.20_10_59_23.Standbild001-768x432.jpg"},"1536x1536":{"file":"ORANGE_3660.MXF_.20_10_59_23.Standbild001-1536x864.jpg","width":1536,"height":864,"filesize":79649,"mime_type":"image\/jpeg","source_url":"https:\/\/blog.europapark.de\/wp-content\/uploads\/2024\/08\/ORANGE_3660.MXF_.20_10_59_23.Standbild001-1536x864.jpg"},"2048x2048":{"file":"ORANGE_3660.MXF_.20_10_59_23.Standbild001-2048x1152.jpg","width":2048,"height":1152,"filesize":132355,"mime_type":"image\/jpeg","source_url":"https:\/\/blog.europapark.de\/wp-content\/uploads\/2024\/08\/ORANGE_3660.MXF_.20_10_59_23.Standbild001-2048x1152.jpg"},"header-thumb":{"file":"ORANGE_3660.MXF_.20_10_59_23.Standbild001-1700x956.jpg","width":1700,"height":956,"filesize":95604,"mime_type":"image\/jpeg","source_url":"https:\/\/blog.europapark.de\/wp-content\/uploads\/2024\/08\/ORANGE_3660.MXF_.20_10_59_23.Standbild001-1700x956.jpg"},"full":{"file":"ORANGE_3660.MXF_.20_10_59_23.Standbild001-scaled.jpg","width":2560,"height":1440,"mime_type":"image\/jpeg","source_url":"https:\/\/blog.europapark.de\/wp-content\/uploads\/2024\/08\/ORANGE_3660.MXF_.20_10_59_23.Standbild001-scaled.jpg"}},"image_meta":{"aperture":"0","credit":"","camera":"","caption":"","created_timestamp":"0","copyright":"","focal_length":"0","iso":"0","shutter_speed":"0","title":"","orientation":"0","keywords":[]},"original_image":"ORANGE_3660.MXF_.20_10_59_23.Standbild001.jpg"},"post":13137,"source_url":"https:\/\/blog.europapark.de\/wp-content\/uploads\/2024\/08\/ORANGE_3660.MXF_.20_10_59_23.Standbild001-scaled.jpg","_links":{"self":[{"href":"https:\/\/blog.europapark.de\/fr\/wp-json\/wp\/v2\/media\/13187","targetHints":{"allow":["GET"]}}],"collection":[{"href":"https:\/\/blog.europapark.de\/fr\/wp-json\/wp\/v2\/media"}],"about":[{"href":"https:\/\/blog.europapark.de\/fr\/wp-json\/wp\/v2\/types\/attachment"}],"author":[{"embeddable":true,"href":"https:\/\/blog.europapark.de\/fr\/wp-json\/wp\/v2\/users\/22"}],"replies":[{"embeddable":true,"href":"https:\/\/blog.europapark.de\/fr\/wp-json\/wp\/v2\/comments?post=13187"}],"wp:attached-to":[{"embeddable":true,"post_type":"post","id":13137,"href":"https:\/\/blog.europapark.de\/fr\/wp-json\/wp\/v2\/posts\/13137"}],"curies":[{"name":"wp","href":"https:\/\/api.w.org\/{rel}","templated":true}]}}