{"id":13161,"date":"2024-08-09T15:44:28","date_gmt":"2024-08-09T13:44:28","guid":{"rendered":"https:\/\/blog.europapark.de\/wp-content\/uploads\/2024\/08\/Today-weve-officially-reopened-our-Haunted-Castle-When-can-we-welcome-you-to-Castello-dei-Medici-EuropaPark.jpg"},"modified":"2024-08-09T15:45:06","modified_gmt":"2024-08-09T13:45:06","slug":"today-weve-officially-reopened-our-haunted-castle-when-can-we-welcome-you-to-castello-dei-medici-europapark","status":"inherit","type":"attachment","link":"https:\/\/blog.europapark.de\/fr\/europa-park-fr\/de-la-rehabilitation-du-chateau-hante-a-sa-transformation-en-castello-dei-medici\/attachment\/today-weve-officially-reopened-our-haunted-castle-when-can-we-welcome-you-to-castello-dei-medici-europapark\/","title":{"rendered":"TJulien Lauffenburger a remis les cl\u00e9s de l&#8217;attraction \u00e0 la famille Mack fin juillet 2024."},"author":22,"featured_media":0,"comment_status":"closed","ping_status":"closed","template":"","meta":{"_acf_changed":false},"class_list":["post-13161","attachment","type-attachment","status-inherit","hentry"],"acf":[],"yoast_head":"<!-- This site is optimized with the Yoast SEO plugin v26.9 - https:\/\/yoast.com\/product\/yoast-seo-wordpress\/ -->\n<title>TJulien Lauffenburger a remis les cl\u00e9s de l&#039;attraction \u00e0 la famille Mack fin juillet 2024. - Le blog officiel d\u2019Europa-Park<\/title>\n<meta name=\"robots\" content=\"index, follow, max-snippet:-1, max-image-preview:large, max-video-preview:-1\" \/>\n<link rel=\"canonical\" href=\"https:\/\/blog.europapark.de\/fr\/europa-park-fr\/de-la-rehabilitation-du-chateau-hante-a-sa-transformation-en-castello-dei-medici\/attachment\/today-weve-officially-reopened-our-haunted-castle-when-can-we-welcome-you-to-castello-dei-medici-europapark\/\" \/>\n<meta property=\"og:locale\" content=\"fr_FR\" \/>\n<meta property=\"og:type\" content=\"article\" \/>\n<meta property=\"og:title\" content=\"TJulien Lauffenburger a remis les cl\u00e9s de l&#039;attraction \u00e0 la famille Mack fin juillet 2024. - Le blog officiel d\u2019Europa-Park\" \/>\n<meta property=\"og:description\" content=\"Julien Lauffenburger a remis les cl\u00e9s de l&#039;attraction \u00e0 la famille Mack fin juillet 2024.\" \/>\n<meta property=\"og:url\" content=\"https:\/\/blog.europapark.de\/fr\/europa-park-fr\/de-la-rehabilitation-du-chateau-hante-a-sa-transformation-en-castello-dei-medici\/attachment\/today-weve-officially-reopened-our-haunted-castle-when-can-we-welcome-you-to-castello-dei-medici-europapark\/\" \/>\n<meta property=\"og:site_name\" content=\"Le blog officiel d\u2019Europa-Park\" \/>\n<meta property=\"article:modified_time\" content=\"2024-08-09T13:45:06+00:00\" \/>\n<meta property=\"og:image\" content=\"https:\/\/blog.europapark.de\/wp-content\/uploads\/2024\/08\/Today-weve-officially-reopened-our-Haunted-Castle-When-can-we-welcome-you-to-Castello-dei-Medici-EuropaPark.jpg\" \/>\n\t<meta property=\"og:image:width\" content=\"1080\" \/>\n\t<meta property=\"og:image:height\" content=\"1080\" \/>\n\t<meta property=\"og:image:type\" content=\"image\/jpeg\" \/>\n<meta name=\"twitter:card\" content=\"summary_large_image\" \/>\n<script type=\"application\/ld+json\" class=\"yoast-schema-graph\">{\"@context\":\"https:\/\/schema.org\",\"@graph\":[{\"@type\":\"WebPage\",\"@id\":\"https:\/\/blog.europapark.de\/fr\/europa-park-fr\/de-la-rehabilitation-du-chateau-hante-a-sa-transformation-en-castello-dei-medici\/attachment\/today-weve-officially-reopened-our-haunted-castle-when-can-we-welcome-you-to-castello-dei-medici-europapark\/\",\"url\":\"https:\/\/blog.europapark.de\/fr\/europa-park-fr\/de-la-rehabilitation-du-chateau-hante-a-sa-transformation-en-castello-dei-medici\/attachment\/today-weve-officially-reopened-our-haunted-castle-when-can-we-welcome-you-to-castello-dei-medici-europapark\/\",\"name\":\"TJulien Lauffenburger a remis les cl\u00e9s de l'attraction \u00e0 la famille Mack fin juillet 2024. - Le blog officiel d\u2019Europa-Park\",\"isPartOf\":{\"@id\":\"https:\/\/blog.europapark.de\/fr\/#website\"},\"datePublished\":\"2024-08-09T13:44:28+00:00\",\"dateModified\":\"2024-08-09T13:45:06+00:00\",\"breadcrumb\":{\"@id\":\"https:\/\/blog.europapark.de\/fr\/europa-park-fr\/de-la-rehabilitation-du-chateau-hante-a-sa-transformation-en-castello-dei-medici\/attachment\/today-weve-officially-reopened-our-haunted-castle-when-can-we-welcome-you-to-castello-dei-medici-europapark\/#breadcrumb\"},\"inLanguage\":\"fr-FR\",\"potentialAction\":[{\"@type\":\"ReadAction\",\"target\":[\"https:\/\/blog.europapark.de\/fr\/europa-park-fr\/de-la-rehabilitation-du-chateau-hante-a-sa-transformation-en-castello-dei-medici\/attachment\/today-weve-officially-reopened-our-haunted-castle-when-can-we-welcome-you-to-castello-dei-medici-europapark\/\"]}]},{\"@type\":\"BreadcrumbList\",\"@id\":\"https:\/\/blog.europapark.de\/fr\/europa-park-fr\/de-la-rehabilitation-du-chateau-hante-a-sa-transformation-en-castello-dei-medici\/attachment\/today-weve-officially-reopened-our-haunted-castle-when-can-we-welcome-you-to-castello-dei-medici-europapark\/#breadcrumb\",\"itemListElement\":[{\"@type\":\"ListItem\",\"position\":1,\"name\":\"Accueil\",\"item\":\"https:\/\/blog.europapark.de\/fr\/\"},{\"@type\":\"ListItem\",\"position\":2,\"name\":\"De la r\u00e9habilitation du Ch\u00e2teau Hant\u00e9 \u00e0 sa transformation en Castello dei Medici\",\"item\":\"https:\/\/blog.europapark.de\/fr\/europa-park-fr\/de-la-rehabilitation-du-chateau-hante-a-sa-transformation-en-castello-dei-medici\/\"},{\"@type\":\"ListItem\",\"position\":3,\"name\":\"TJulien Lauffenburger a remis les cl\u00e9s de l&#8217;attraction \u00e0 la famille Mack fin juillet 2024.\"}]},{\"@type\":\"WebSite\",\"@id\":\"https:\/\/blog.europapark.de\/fr\/#website\",\"url\":\"https:\/\/blog.europapark.de\/fr\/\",\"name\":\"Le blog officiel d\u2019Europa-Park\",\"description\":\"\",\"potentialAction\":[{\"@type\":\"SearchAction\",\"target\":{\"@type\":\"EntryPoint\",\"urlTemplate\":\"https:\/\/blog.europapark.de\/fr\/?s={search_term_string}\"},\"query-input\":{\"@type\":\"PropertyValueSpecification\",\"valueRequired\":true,\"valueName\":\"search_term_string\"}}],\"inLanguage\":\"fr-FR\"}]}<\/script>\n<!-- \/ Yoast SEO plugin. -->","yoast_head_json":{"title":"TJulien Lauffenburger a remis les cl\u00e9s de l'attraction \u00e0 la famille Mack fin juillet 2024. - Le blog officiel d\u2019Europa-Park","robots":{"index":"index","follow":"follow","max-snippet":"max-snippet:-1","max-image-preview":"max-image-preview:large","max-video-preview":"max-video-preview:-1"},"canonical":"https:\/\/blog.europapark.de\/fr\/europa-park-fr\/de-la-rehabilitation-du-chateau-hante-a-sa-transformation-en-castello-dei-medici\/attachment\/today-weve-officially-reopened-our-haunted-castle-when-can-we-welcome-you-to-castello-dei-medici-europapark\/","og_locale":"fr_FR","og_type":"article","og_title":"TJulien Lauffenburger a remis les cl\u00e9s de l'attraction \u00e0 la famille Mack fin juillet 2024. - Le blog officiel d\u2019Europa-Park","og_description":"Julien Lauffenburger a remis les cl\u00e9s de l'attraction \u00e0 la famille Mack fin juillet 2024.","og_url":"https:\/\/blog.europapark.de\/fr\/europa-park-fr\/de-la-rehabilitation-du-chateau-hante-a-sa-transformation-en-castello-dei-medici\/attachment\/today-weve-officially-reopened-our-haunted-castle-when-can-we-welcome-you-to-castello-dei-medici-europapark\/","og_site_name":"Le blog officiel d\u2019Europa-Park","article_modified_time":"2024-08-09T13:45:06+00:00","og_image":[{"width":1080,"height":1080,"url":"https:\/\/blog.europapark.de\/wp-content\/uploads\/2024\/08\/Today-weve-officially-reopened-our-Haunted-Castle-When-can-we-welcome-you-to-Castello-dei-Medici-EuropaPark.jpg","type":"image\/jpeg"}],"twitter_card":"summary_large_image","schema":{"@context":"https:\/\/schema.org","@graph":[{"@type":"WebPage","@id":"https:\/\/blog.europapark.de\/fr\/europa-park-fr\/de-la-rehabilitation-du-chateau-hante-a-sa-transformation-en-castello-dei-medici\/attachment\/today-weve-officially-reopened-our-haunted-castle-when-can-we-welcome-you-to-castello-dei-medici-europapark\/","url":"https:\/\/blog.europapark.de\/fr\/europa-park-fr\/de-la-rehabilitation-du-chateau-hante-a-sa-transformation-en-castello-dei-medici\/attachment\/today-weve-officially-reopened-our-haunted-castle-when-can-we-welcome-you-to-castello-dei-medici-europapark\/","name":"TJulien Lauffenburger a remis les cl\u00e9s de l'attraction \u00e0 la famille Mack fin juillet 2024. - Le blog officiel d\u2019Europa-Park","isPartOf":{"@id":"https:\/\/blog.europapark.de\/fr\/#website"},"datePublished":"2024-08-09T13:44:28+00:00","dateModified":"2024-08-09T13:45:06+00:00","breadcrumb":{"@id":"https:\/\/blog.europapark.de\/fr\/europa-park-fr\/de-la-rehabilitation-du-chateau-hante-a-sa-transformation-en-castello-dei-medici\/attachment\/today-weve-officially-reopened-our-haunted-castle-when-can-we-welcome-you-to-castello-dei-medici-europapark\/#breadcrumb"},"inLanguage":"fr-FR","potentialAction":[{"@type":"ReadAction","target":["https:\/\/blog.europapark.de\/fr\/europa-park-fr\/de-la-rehabilitation-du-chateau-hante-a-sa-transformation-en-castello-dei-medici\/attachment\/today-weve-officially-reopened-our-haunted-castle-when-can-we-welcome-you-to-castello-dei-medici-europapark\/"]}]},{"@type":"BreadcrumbList","@id":"https:\/\/blog.europapark.de\/fr\/europa-park-fr\/de-la-rehabilitation-du-chateau-hante-a-sa-transformation-en-castello-dei-medici\/attachment\/today-weve-officially-reopened-our-haunted-castle-when-can-we-welcome-you-to-castello-dei-medici-europapark\/#breadcrumb","itemListElement":[{"@type":"ListItem","position":1,"name":"Accueil","item":"https:\/\/blog.europapark.de\/fr\/"},{"@type":"ListItem","position":2,"name":"De la r\u00e9habilitation du Ch\u00e2teau Hant\u00e9 \u00e0 sa transformation en Castello dei Medici","item":"https:\/\/blog.europapark.de\/fr\/europa-park-fr\/de-la-rehabilitation-du-chateau-hante-a-sa-transformation-en-castello-dei-medici\/"},{"@type":"ListItem","position":3,"name":"TJulien Lauffenburger a remis les cl\u00e9s de l&#8217;attraction \u00e0 la famille Mack fin juillet 2024."}]},{"@type":"WebSite","@id":"https:\/\/blog.europapark.de\/fr\/#website","url":"https:\/\/blog.europapark.de\/fr\/","name":"Le blog officiel d\u2019Europa-Park","description":"","potentialAction":[{"@type":"SearchAction","target":{"@type":"EntryPoint","urlTemplate":"https:\/\/blog.europapark.de\/fr\/?s={search_term_string}"},"query-input":{"@type":"PropertyValueSpecification","valueRequired":true,"valueName":"search_term_string"}}],"inLanguage":"fr-FR"}]}},"description":{"rendered":"<p class=\"attachment\"><a href='https:\/\/blog.europapark.de\/wp-content\/uploads\/2024\/08\/Today-weve-officially-reopened-our-Haunted-Castle-When-can-we-welcome-you-to-Castello-dei-Medici-EuropaPark-e1723211133244.jpg'><img loading=\"lazy\" decoding=\"async\" width=\"400\" height=\"216\" src=\"https:\/\/blog.europapark.de\/wp-content\/uploads\/2024\/08\/Today-weve-officially-reopened-our-Haunted-Castle-When-can-we-welcome-you-to-Castello-dei-Medici-EuropaPark-e1723211133244-400x216.jpg\" class=\"attachment-medium size-medium\" alt=\"Julien Lauffenburger a remis les cl\u00e9s de l&#039;attraction \u00e0 la famille Mack fin juillet 2024.\" srcset=\"https:\/\/blog.europapark.de\/wp-content\/uploads\/2024\/08\/Today-weve-officially-reopened-our-Haunted-Castle-When-can-we-welcome-you-to-Castello-dei-Medici-EuropaPark-e1723211133244-400x216.jpg 400w, https:\/\/blog.europapark.de\/wp-content\/uploads\/2024\/08\/Today-weve-officially-reopened-our-Haunted-Castle-When-can-we-welcome-you-to-Castello-dei-Medici-EuropaPark-e1723211133244-1024x553.jpg 1024w, https:\/\/blog.europapark.de\/wp-content\/uploads\/2024\/08\/Today-weve-officially-reopened-our-Haunted-Castle-When-can-we-welcome-you-to-Castello-dei-Medici-EuropaPark-e1723211133244-768x415.jpg 768w, https:\/\/blog.europapark.de\/wp-content\/uploads\/2024\/08\/Today-weve-officially-reopened-our-Haunted-Castle-When-can-we-welcome-you-to-Castello-dei-Medici-EuropaPark-e1723211133244.jpg 1080w\" sizes=\"auto, (max-width: 400px) 100vw, 400px\" \/><\/a><\/p>\n<p>Julien Lauffenburger a remis les cl\u00e9s de l&#8217;attraction \u00e0 la famille Mack fin juillet 2024.<\/p>\n"},"caption":{"rendered":"<p>Julien Lauffenburger a remis les cl\u00e9s de l&#8217;attraction \u00e0 la famille Mack fin juillet 2024.<\/p>\n"},"alt_text":"Julien Lauffenburger a remis les cl\u00e9s de l'attraction \u00e0 la famille Mack fin juillet 2024.","media_type":"image","mime_type":"image\/jpeg","media_details":{"width":1080,"height":583,"file":"2024\/08\/Today-weve-officially-reopened-our-Haunted-Castle-When-can-we-welcome-you-to-Castello-dei-Medici-EuropaPark-e1723211133244.jpg","filesize":106545,"sizes":{"medium":{"file":"Today-weve-officially-reopened-our-Haunted-Castle-When-can-we-welcome-you-to-Castello-dei-Medici-EuropaPark-e1723211133244-400x216.jpg","width":400,"height":216,"filesize":18199,"mime_type":"image\/jpeg","source_url":"https:\/\/blog.europapark.de\/wp-content\/uploads\/2024\/08\/Today-weve-officially-reopened-our-Haunted-Castle-When-can-we-welcome-you-to-Castello-dei-Medici-EuropaPark-e1723211133244-400x216.jpg"},"large":{"file":"Today-weve-officially-reopened-our-Haunted-Castle-When-can-we-welcome-you-to-Castello-dei-Medici-EuropaPark-e1723211133244-1024x553.jpg","width":1024,"height":553,"filesize":93524,"mime_type":"image\/jpeg","source_url":"https:\/\/blog.europapark.de\/wp-content\/uploads\/2024\/08\/Today-weve-officially-reopened-our-Haunted-Castle-When-can-we-welcome-you-to-Castello-dei-Medici-EuropaPark-e1723211133244-1024x553.jpg"},"thumbnail":{"file":"Today-weve-officially-reopened-our-Haunted-Castle-When-can-we-welcome-you-to-Castello-dei-Medici-EuropaPark-e1723211133244-150x150.jpg","width":150,"height":150,"filesize":5309,"mime_type":"image\/jpeg","source_url":"https:\/\/blog.europapark.de\/wp-content\/uploads\/2024\/08\/Today-weve-officially-reopened-our-Haunted-Castle-When-can-we-welcome-you-to-Castello-dei-Medici-EuropaPark-e1723211133244-150x150.jpg"},"medium_large":{"file":"Today-weve-officially-reopened-our-Haunted-Castle-When-can-we-welcome-you-to-Castello-dei-Medici-EuropaPark-e1723211133244-768x415.jpg","width":768,"height":415,"filesize":57052,"mime_type":"image\/jpeg","source_url":"https:\/\/blog.europapark.de\/wp-content\/uploads\/2024\/08\/Today-weve-officially-reopened-our-Haunted-Castle-When-can-we-welcome-you-to-Castello-dei-Medici-EuropaPark-e1723211133244-768x415.jpg"},"full":{"file":"Today-weve-officially-reopened-our-Haunted-Castle-When-can-we-welcome-you-to-Castello-dei-Medici-EuropaPark-e1723211133244.jpg","width":1080,"height":583,"mime_type":"image\/jpeg","source_url":"https:\/\/blog.europapark.de\/wp-content\/uploads\/2024\/08\/Today-weve-officially-reopened-our-Haunted-Castle-When-can-we-welcome-you-to-Castello-dei-Medici-EuropaPark-e1723211133244.jpg"}},"image_meta":{"aperture":"0","credit":"","camera":"","caption":"","created_timestamp":"0","copyright":"","focal_length":"0","iso":"0","shutter_speed":"0","title":"","orientation":"0","keywords":[]}},"post":13137,"source_url":"https:\/\/blog.europapark.de\/wp-content\/uploads\/2024\/08\/Today-weve-officially-reopened-our-Haunted-Castle-When-can-we-welcome-you-to-Castello-dei-Medici-EuropaPark-e1723211133244.jpg","_links":{"self":[{"href":"https:\/\/blog.europapark.de\/fr\/wp-json\/wp\/v2\/media\/13161","targetHints":{"allow":["GET"]}}],"collection":[{"href":"https:\/\/blog.europapark.de\/fr\/wp-json\/wp\/v2\/media"}],"about":[{"href":"https:\/\/blog.europapark.de\/fr\/wp-json\/wp\/v2\/types\/attachment"}],"author":[{"embeddable":true,"href":"https:\/\/blog.europapark.de\/fr\/wp-json\/wp\/v2\/users\/22"}],"replies":[{"embeddable":true,"href":"https:\/\/blog.europapark.de\/fr\/wp-json\/wp\/v2\/comments?post=13161"}],"wp:attached-to":[{"embeddable":true,"post_type":"post","id":13137,"href":"https:\/\/blog.europapark.de\/fr\/wp-json\/wp\/v2\/posts\/13137"}],"curies":[{"name":"wp","href":"https:\/\/api.w.org\/{rel}","templated":true}]}}